{"id":326,"date":"2026-03-26T22:04:01","date_gmt":"2026-03-27T01:04:01","guid":{"rendered":"https:\/\/renacertech.net\/creativia24h\/?page_id=326"},"modified":"2026-04-24T21:03:34","modified_gmt":"2026-04-25T00:03:34","slug":"puentesdigitales","status":"publish","type":"page","link":"https:\/\/renacertech.net\/creativia24h\/puentesdigitales\/","title":{"rendered":"Pilar N\u00b0 4 del ADN"},"content":{"rendered":"\n\n\n<p>Lorem Ipsum has been the industry&#8217;s standard dummy text ever since the 1500s.<\/p>\n<h3>&nbsp;&nbsp;<br>Fomentar la colaboraci\u00f3n intercultural y la empat\u00eda en comunidades educativas interconectadas.<\/h3>\n\n<p>\u00a0 \u00a0<\/p>\n\n\n\n\n\n\n<h2>Ponencias:<\/h2>\n\n\n\n\n\n\n<div class=\"creativia-ponencia-card\">\n\n    <div class=\"ponencia-info-top\">\n        <p><span class=\"ponencia-label\">Horario:<\/span> <span class=\"ponencia-value\">10 PM del 20\/04 (M\u00e9x.) &#8211; 1 AM (Arg.) &#8211; 6 AM (Espa\u00f1a)<\/span><\/p>\n        <p><span class=\"ponencia-label\">T\u00edtulo:<\/span> <span class=\"ponencia-value-titulo\">Educar sin Fronteras: Construyendo Puentes Digitales para una Ciudadan\u00eda Global y Humanista.<\/span><\/p>\n        <p class=\"ponencia-description\">Reflexionar sobre c\u00f3mo la educaci\u00f3n, apoyada por herramientas digitales y la colaboraci\u00f3n internacional, puede construir puentes entre culturas, promover el entendimiento intercultural y formar ciudadanos globales comprometidos con la paz, la justicia y el desarrollo humano.<\/p>\n    <\/div>\n\n    <div class=\"ponencia-speaker-area\">\n        \n        <div class=\"ponencia-speaker-id\">\n            <img decoding=\"async\" src=\"https:\/\/renacertech.net\/creativia24h\/wp-content\/uploads\/2026\/03\/rita2.png\" alt=\"Rita Aguilar Gonz\u00e1lez\" class=\"ponencia-speaker-img\">\n            \n            <p class=\"ponente-name\">Rita Aguilar Gonz\u00e1lez<\/p>\n            <p class=\"ponente-country\">Jalisco, M\u00e9xico<\/p>\n<p class=\"ponente-email\">ritaaguilarg@gmail.com<\/p>\n\n        <\/div>\n        \n        <div class=\"ponencia-speaker-bio\">\n            <p class=\"ponente-label-bio\">Bio:<\/p>\n            <p class=\"ponente-text-bio\">Dra. en Ciencias de la Educaci\u00f3n, Directora de la Universidad Latinoamericana de Empresarios, Delegada  Nacional y Asesora de Presidencia de la Confederaci\u00f3n de Militares y Profesionistas General Marcelino Garc\u00eda Barrag\u00e1n, Embajadora de Paz Nacional e Internacional, Conferencista, Tallerista, Escritora y Revisora de Editoriales en Espa\u00f1ol e Ingl\u00e9s. Galardonada con m\u00faltiples premios nacionales e internacionales por promover los Derechos Humanos, la Cultura de Paz y la Educaci\u00f3n de Calidad Global; Como el Reconocimiento y Medalla &#8220;Por la Dignidad Humana&#8221;, , Menci\u00f3n Honor\u00edfica Por Paz y Resoluci\u00f3n de Conflictos, Galard\u00f3n Mujeres que hicieron Historia por el Consejo Internacional de Mujeres Abogadas A.C., EmbajadOra de las bellas Artes, Doctor de Doctores y Rectora del Claustro Nobel de las Bellas Artes.\n<br>\n            <\/p>\n        <\/div>\n    <\/div>\n\n    <div class=\"ponencia-social-area\">\n        <span class=\"ponencia-label\">Redes Sociales:<\/span>\n        <a href=\"https:\/\/www.facebook.com\/increible.mirash\" target=\"_blank\" class=\"ponencia-social-icon\" title=\"Facebook\">Fb<\/a>\n<a href=\"https:\/\/www.linkedin.com\/in\/rita-aguilar-gonzalez-6a300b43\" target=\"_blank\" class=\"ponencia-social-icon\" title=\"Linkedin\">Ln<\/a>\n<a href=\"https:\/\/x.com\/draritaaguilar\" target=\"_blank\" class=\"ponencia-social-icon\" title=\"Twitter\/X\">X<\/a>\n<a href=\"https:\/\/www.instagram.com\/its_ritaaguilar\" target=\"_blank\" class=\"ponencia-social-icon\" title=\"Instagram\">Ins<\/a>\n<div class=\"ponencia-social-area\">\n        <span class=\"ponencia-label\">PONENCIA EN VIVO:<\/span>\n        <a href=\"https:\/\/www.youtube.com\/watch?v=Z_siI1pTaxQ\" target=\"_blank\" class=\"ponencia-social-icon\" title=\"YouTube\">YT<\/a>\n\n<\/div>\n\n    <\/div>\n\n<\/div>\n\n\n\n\n<div class=\"creativia-ponencia-card\">\n\n    <div class=\"ponencia-info-top\">\n        <p><span class=\"ponencia-label\">Horario:<\/span> <span class=\"ponencia-value\">7 AM (M\u00e9x.) &#8211; 10 AM (Arg.) &#8211; 3 PM (Espa\u00f1a)<\/span><\/p>\n        <p><span class=\"ponencia-label\">T\u00edtulo:<\/span> <span class=\"ponencia-value-titulo\">Usa la tecnolog\u00eda para conectar con tus estudiantes. Conoce, conecta, comparte, abraza.<\/span><\/p>\n        <p class=\"ponencia-description\">El uso de la tecnolog\u00eda educativa nos ha alejado de nuestros estudiantes, con el adecuado manejo de herramientas de IA podemos rescatar la cercan\u00eda docente-dicente que nunca debi\u00f3 perderse. De tal suerte que esa asistencia nos permite disminuir los tiempos administrativos y dedicar m\u00e1s tiempo a la parte humana y a ofrecer mayor atenci\u00f3n a la personalizaci\u00f3n educativa. As\u00ed, conociendo a nuestros estudiantes, conectando con ellos, compartiendo nuestras experiencias sobre todo en educaci\u00f3n superior y abraz\u00e1ndolos con esa cercan\u00eda tan necesaria nos har\u00e1 contribuir de mejor manera a su formaci\u00f3n integral.<\/p>\n    <\/div>\n\n    <div class=\"ponencia-speaker-area\">\n        \n        <div class=\"ponencia-speaker-id\">\n            <img decoding=\"async\" src=\"https:\/\/renacertech.net\/creativia24h\/wp-content\/uploads\/2026\/03\/Gerardo2.png\" alt=\"Gerardo Elias Navarrete Teran\" class=\"ponencia-speaker-img\">\n            \n            <p class=\"ponente-name\">Gerardo Elias Navarrete Teran<\/p>\n            <p class=\"ponente-country\">Campeche, M\u00e9xico<\/p>\n<p class=\"ponente-email\">genavarr@gmail.com<\/p>\n\n        <\/div>\n        \n        <div class=\"ponencia-speaker-bio\">\n            <p class=\"ponente-label-bio\">Bio:<\/p>\n            <p class=\"ponente-text-bio\">Gerardo El\u00edas Navarrete Ter\u00e1n es un profesional destacado con 40 a\u00f1os de trayectoria en educaci\u00f3n, tecnolog\u00eda y consultor\u00eda. Nacido en la Ciudad de M\u00e9xico, posee una Maestr\u00eda en Administraci\u00f3n de Tecnolog\u00edas de Informaci\u00f3n (ITESM), una Licenciatura en Inform\u00e1tica (ITC) y es Profesor de Educaci\u00f3n Primaria (BENM).<br>\nSe desempe\u00f1\u00f3 como Director General de Tecnolog\u00edas de la Informaci\u00f3n (CIO) en la Universidad Aut\u00f3noma de Campeche (UAC), alineando estrategias tecnol\u00f3gicas y liderando la Coordinaci\u00f3n General del Proyecto M\u00e9xico Conectado estatal. Tambi\u00e9n fue Asesor de Rector\u00eda en el dise\u00f1o del modelo educativo y dirigi\u00f3 el Modelo de Continuidad Acad\u00e9mica durante la pandemia.\n<br>\nActualmente, es Director de Servicios Profesionales en Edvolution, gestionando proyectos de consultor\u00eda pedag\u00f3gica y tecnol\u00f3gica. Con amplia experiencia docente en M\u00e9xico y Latinoam\u00e9rica, sus \u00e1reas de ense\u00f1anza incluyen educaci\u00f3n, administraci\u00f3n, innovaci\u00f3n y transformaci\u00f3n digital. Es profesor en la UNID Campus Campeche y autor\/coautor de publicaciones sobre TI e Inteligencia Artificial, adem\u00e1s de ponente internacional.<br>\n\nCuenta con certificaciones en inteligencia artificial generativa, gesti\u00f3n \u00e1gil de proyectos y tecnolog\u00edas educativas, y ha recibido m\u00faltiples reconocimientos. Participa en comit\u00e9s evaluadores de iniciativas tecnol\u00f3gicas de educaci\u00f3n superior en Hispanoam\u00e9rica. Es miembro asociado de la AMIAC, miembro fundador y Vocal Em\u00e9rito del Comit\u00e9 ANUIES-TIC (colaborando en grupos de IA y gobierno de TI), miembro de la Red de Mujeres TIC, del Grupo de IA en CUDI, de ISTE y TCEA. L\u00edder GEG Campeche y Mentor GEG Hispanoam\u00e9rica. <br>\n            <\/p>\n        <\/div>\n    <\/div>\n\n    <div class=\"ponencia-social-area\">\n        <span class=\"ponencia-label\">Redes Sociales: https:\/\/linktr.ee\/genavarr\n    <\/div>\n<div class=\"ponencia-social-area\">\n        <span class=\"ponencia-label\">PONENCIA EN VIVO:<\/span>\n        <a href=\"https:\/\/www.youtube.com\/watch?v=fCPBOlJmqqE\" target=\"_blank\" class=\"ponencia-social-icon\" title=\"YouTube\">YT<\/a>\n\n<\/div>\n\n\n<\/div>\n<div class=\"creativia-ponencia-card\">\n\n    <div class=\"ponencia-info-top\">\n        <p><span class=\"ponencia-label\">Horario:<\/span> <span class=\"ponencia-value\">8 AM (M\u00e9x.) &#8211; 11 AM (Arg.) &#8211; 4 PM (Espa\u00f1a)<\/span><\/p>\n        <p><span class=\"ponencia-label\">T\u00edtulo:<\/span> <span class=\"ponencia-value-titulo\">Liderar en red: Gesti\u00f3n escolar en la era de la IA.<\/span><\/p>\n        <p class=\"ponencia-description\">Liderar en red no es conectar computadoras; es conectar mentes potenciadas por la tecnolog\u00eda y llegar a todos los estudiantes equitativamente. La IA es el enlace, pero el prop\u00f3sito sigue siendo profundamente humano.<\/p>\n    <\/div>\n\n    <div class=\"ponencia-speaker-area\">\n        \n        <div class=\"ponencia-speaker-id\">\n            <img decoding=\"async\" src=\"https:\/\/renacertech.net\/creativia24h\/wp-content\/uploads\/2026\/03\/Silvia-Gargaglione.png\" alt=\"Silvia Liliana Gargaglione\" class=\"ponencia-speaker-img\">\n            \n            <p class=\"ponente-name\">Silvia Liliana Gargaglione<\/p>\n            <p class=\"ponente-country\">Buenos Aires, Argentina<\/p>\n<p class=\"ponente-email\">slgargaglione@gmail.com<\/p>\n\n        <\/div>\n        \n        <div class=\"ponencia-speaker-bio\">\n            <p class=\"ponente-label-bio\">Bio:<\/p>\n            <p class=\"ponente-text-bio\">Profesora en Ciencias de la Educaci\u00f3n con Orientaci\u00f3n en Psicolog\u00eda Educacional. Licenciada en Educaci\u00f3n con Orientaci\u00f3n en Dise\u00f1o de Proyectos. Especializada en Formaci\u00f3n de Formadores. Diplomada en Dise\u00f1o Curricular en contextos educativos. Diplomada en Orientaci\u00f3n Vocacional Ocupacional. Especializada en Nuevas tecnolog\u00edas y educaci\u00f3n. Trabaj\u00f3 durante 38 a\u00f1os como docente en escuelas de Gesti\u00f3n P\u00fablica y Privada, tanto en Nivel Secundario como Superior desempe\u00f1\u00e1ndose en diferentes c\u00e1tedras del campo\nde Formaci\u00f3n General y Campo de Pr\u00e1cticas Docentes. En cargos de gesti\u00f3n se desempe\u00f1\u00f3 como Rectora de Nivel Secundario y Superior de Formaci\u00f3n Docente, Directora de Estudios de Nivel Secundario, Coordinadora de EOE en Niveles Inicial, Primario, Secundario . Coordinadora de Carrera del Profesorado de Educaci\u00f3n Primaria. Actualmente se dedica a la investigaci\u00f3n de problem\u00e1ticas referidas a Orientaci\u00f3n\nVocacional Ocupacional y a Inteligencia Artificial en el \u00e1mbito educativo.<br>\n            <\/p>\n        <\/div>\n    <\/div>\n\n    <div class=\"ponencia-social-area\">\n        <span class=\"ponencia-label\">Redes Sociales:<\/span>\n        <a href=\"linkedin.com\/in\/silvia-liliana-gargaglione-a5a345324\" target=\"_blank\" class=\"ponencia-social-icon\" title=\"Linkedin\">Ln<\/a>\n    <\/div>\n<div class=\"ponencia-social-area\">\n        <span class=\"ponencia-label\">PONENCIA EN VIVO:<\/span>\n        <a href=\"https:\/\/www.youtube.com\/watch?v=LkwYplwOdZ0\" target=\"_blank\" class=\"ponencia-social-icon\" title=\"YouTube\">YT<\/a>\n\n<\/div>\n\n<\/div>\n<div class=\"creativia-ponencia-card\">\n\n    <div class=\"ponencia-info-top\">\n        <p><span class=\"ponencia-label\">Horario:<\/span> <span class=\"ponencia-value\">9 AM (M\u00e9x.) &#8211; 12 PM (Arg.) &#8211; 5 PM (Espa\u00f1a)<\/span><\/p>\n        <p><span class=\"ponencia-label\">T\u00edtulo:<\/span> <span class=\"ponencia-value-titulo\">EmpatIA, el arte de crear conexiones humanas.<\/span><\/p>\n        <p class=\"ponencia-description\">En esta sesi\u00f3n conocer\u00e1s marcos de referencia, estrategias y herramientas para el desarrollo de habilidades socio-emocionales que permiten crear comunidades en espacios f\u00edsicos y virtuales con un alto nivel de seguridad psicol\u00f3gica. El objetivo es reconocer c\u00f3mo nuestras acciones personales crean las condiciones para estimular y enriquecer el aprendizaje y desarrollo humano.<\/p>\n    <\/div>\n\n    <div class=\"ponencia-speaker-area\">\n        \n        <div class=\"ponencia-speaker-id\">\n            <img decoding=\"async\" src=\"https:\/\/renacertech.net\/creativia24h\/wp-content\/uploads\/2026\/03\/Perla2.jpg\" alt=\"Perla Zamora\" class=\"ponencia-speaker-img\">\n            \n            <p class=\"ponente-name\">Perla Zamora<\/p>\n            <p class=\"ponente-country\">Tampico, M\u00e9xico<\/p>\n<p class=\"ponente-email\">pzamora@perlazamora.com<\/p>\n\n        <\/div>\n        \n        <div class=\"ponencia-speaker-bio\">\n            <p class=\"ponente-label-bio\">Bio:<\/p>\n            <p class=\"ponente-text-bio\">Perla Zamora es una dedicada madre de dos hijos y una distinguida educadora mexicana con m\u00e1s de 25 a\u00f1os de experiencia. Actualmente se desempe\u00f1a como coordinadora de recursos de aprendizaje en Narrative 4 M\u00e9xico mientras desarrolla actividades independientes como consultora educativa, coach cognitivo empresarial y conferenciante. Adem\u00e1s, Perla pertenece a Google Champions y al grupo de l\u00edderes de comunidad de la Sociedad Internacional para la Tecnolog\u00eda en la Educaci\u00f3n (ISTE). Perla cuenta con una Maestr\u00eda en Ciencias por la Universidad de Buffalo de Nueva York y una amplia gama de certificaciones que avalan su experiencia, entre las cuales se destacan:\n\nCertificaci\u00f3n en Innovaci\u00f3n Educativa por Google\n\nFacilitador certificado por Narrative 4 Global\n\nCertificaci\u00f3n en Tecnopedagog\u00eda por la Sociedad Internacional para la Tecnolog\u00eda en la Educaci\u00f3n, ISTE\n\nCertificaci\u00f3n en Aprendizaje Global Colaborativo por Learning Confluence\n\nCertificaci\u00f3n en Rob\u00f3tica Educativa por Lego Education y Vex Robotics\n\nCertificaci\u00f3n Docente en Innovaci\u00f3n Social para el Desarrollo Sostenible por Learning by Helping y UNESCO\n\nCertificaci\u00f3n como Consultor Internacional Profesional por el International Coaching &#038; Consulting Network\n\nCertificaci\u00f3n como Coach Cognitivo por el Center of Cognitive Coaching\n\nPerla ha sido mentora en Learning by Helping y en la Academia de Innovaci\u00f3n de Google, donde adem\u00e1s ha participado como ponente en eventos organizados por diversos Grupos de Educadores de la red Google for Education. Tambi\u00e9n ha participado en proyectos educativos internacionales.\n\n<br>\n            <\/p>\n        <\/div>\n    <\/div>\n\n    <div class=\"ponencia-social-area\">\n        <span class=\"ponencia-label\">Redes Sociales:<\/span>\n        <a href=\"https:\/\/www.linkedin.com\/in\/perlazg\" target=\"_blank\" class=\"ponencia-social-icon\" title=\"Linedin\">Ln<\/a>\n    <\/div>\n<div class=\"ponencia-social-area\">\n        <span class=\"ponencia-label\">PONENCIA EN VIVO:<\/span>\n        <a href=\"https:\/\/www.youtube.com\/watch?v=t0Zfu2iW1lM\" target=\"_blank\" class=\"ponencia-social-icon\" title=\"YouTube\">YT<\/a>\n\n<\/div>\n\n\n<\/div>\n<div class=\"creativia-ponencia-card\">\n\n    <div class=\"ponencia-info-top\">\n        <p><span class=\"ponencia-label\">Horario:<\/span> <span class=\"ponencia-value\">11 AM (M\u00e9x.) &#8211; 2 PM (Arg.) &#8211; 7 PM (Espa\u00f1a)<\/span><\/p>\n        <p><span class=\"ponencia-label\">T\u00edtulo:<\/span> <span class=\"ponencia-value-titulo\">El desaf\u00edo global de la Educaci\u00f3n.<\/span><\/p>\n        <p class=\"ponencia-description\">C\u00f3mo aprender a trav\u00e9s de retos desde diferentes contextos interculturales.<\/p>\n    <\/div>\n\n    <div class=\"ponencia-speaker-area\">\n        \n        <div class=\"ponencia-speaker-id\">\n            <img decoding=\"async\" src=\"https:\/\/renacertech.net\/creativia24h\/wp-content\/uploads\/2026\/03\/tomas2.jpg\" alt=\"Tom\u00e1s Pab\u00f3n\" class=\"ponencia-speaker-img\">\n            \n            <p class=\"ponente-name\">Tom\u00e1s Pab\u00f3n<\/p>\n            <p class=\"ponente-country\">M\u00e1laga, Espa\u00f1a<\/p>\n<p class=\"ponente-email\">dztomas@hotmail.com<\/p>\n\n        <\/div>\n        \n        <div class=\"ponencia-speaker-bio\">\n            <p class=\"ponente-label-bio\">Bio:<\/p>\n            <p class=\"ponente-text-bio\">Educador, innovador pedag\u00f3gico y emprendedor social espa\u00f1ol, originario de la provincia de M\u00e1laga. Es reconocido internacionalmente por su contribuci\u00f3n a la transformaci\u00f3n digital de la educaci\u00f3n mediante el desarrollo de Univermind, una plataforma global de aprendizaje de acceso abierto.<br>\nCriado en una familia profundamente comprometida con la docencia \u2014siendo nieto, hijo y hermano de educadores\u2014, Pab\u00f3n ha cultivado una vocaci\u00f3n por la educaci\u00f3n a lo largo de su vida. Durante m\u00e1s de dos d\u00e9cadas de trayectoria profesional, ha demostrado un compromiso constante con la innovaci\u00f3n pedag\u00f3gica, la equidad educativa y la democratizaci\u00f3n del conocimiento.\n<br>Actualmente ejerce como profesor en M\u00e1laga, donde ha implementado metodolog\u00edas educativas vanguardistas centradas en el pensamiento cr\u00edtico, el aprendizaje experiencial, las pr\u00e1cticas colaborativas y la integraci\u00f3n significativa de las tecnolog\u00edas digitales en el aula. Adem\u00e1s de su labor docente, participa activamente en el debate p\u00fablico a trav\u00e9s de art\u00edculos de opini\u00f3n publicados en peri\u00f3dicos y revistas acad\u00e9micas y educativas especializadas.\nPab\u00f3n tambi\u00e9n ha actuado como asesor externo de Ministerios de Educaci\u00f3n en varios pa\u00edses, entre ellos Honduras, Argentina, Panam\u00e1 y Per\u00fa, apoyando el desarrollo de estrategias educativas e iniciativas de reforma.<br><br>\nUnivermind: Una Iniciativa Educativa Global\nEn respuesta a las profundas desigualdades en el acceso a la educaci\u00f3n expuestas durante la pandemia de COVID-19, Pab\u00f3n fund\u00f3 Univermind, una plataforma de aprendizaje en l\u00ednea global y gratuita dise\u00f1ada para eliminar las barreras a la educaci\u00f3n.\n\n<br>La plataforma se caracteriza por:\nLa entrega de contenido y experiencias de aprendizaje basadas en desaf\u00edos, dirigidas por educadores y expertos de diversas universidades internacionales.\n\n<br>Acceso abierto e inclusivo para estudiantes de todas las edades y procedencias en todo el mundo.\n<br>\nUnivermind ha desarrollado cientos de desaf\u00edos educativos y ha recibido el reconocimiento de destacadas instituciones acad\u00e9micas internacionales. Ha sido seleccionada, en particular, por el Tecnol\u00f3gico de Monterrey para su incubadora de empresas y su Instituto para el Futuro de la Educaci\u00f3n, lo que resalta su relevancia global y su potencial innovador.\nCompromiso y Reconocimiento Internacional.<br>\nA lo largo de su trayectoria profesional, Pab\u00f3n ha consolidado una s\u00f3lida presencia internacional. Entre sus contribuciones se incluyen:\nAsesoramiento a Ministros de Educaci\u00f3n en toda Am\u00e9rica Latina. Membres\u00eda en la Red Global de Mentores.\nDesarrollo de alianzas estrat\u00e9gicas con universidades e instituciones educativas de toda la regi\u00f3n.\nSu trabajo ha sido reconocido a nivel europeo con la prestigiosa Medalla de Oro de los Reyes Cat\u00f3licos, otorgada en reconocimiento a sus contribuciones al avance de la educaci\u00f3n.\n\n            <\/p>\n        <\/div>\n    <\/div>\n\n    <div class=\"ponencia-social-area\">\n        <span class=\"ponencia-label\">Redes Sociales:<\/span>\n        <a href=\"http:\/\/www.linkedin.com\/in\/univermind-5743831b\" target=\"_blank\" class=\"ponencia-social-icon\" title=\"Linedin\">Ln<\/a>\n    <\/div>\n<div class=\"ponencia-social-area\">\n        <span class=\"ponencia-label\">PONENCIA EN VIVO:<\/span>\n        <a href=\"https:\/\/www.youtube.com\/watch?v=ofJc-2K4_8E\" target=\"_blank\" class=\"ponencia-social-icon\" title=\"YouTube\">YT<\/a>\n\n<\/div>\n\n\n<\/div>\n<div class=\"creativia-ponencia-card\">\n\n    <div class=\"ponencia-info-top\">\n        <p><span class=\"ponencia-label\">Horario:<\/span> <span class=\"ponencia-value\">11 AM (M\u00e9x.) &#8211; 7 PM (Arg.) &#8211; 12 AM (Espa\u00f1a)<\/span><\/p>\n        <p><span class=\"ponencia-label\">T\u00edtulo:<\/span> <span class=\"ponencia-value-titulo\">Aprendizaje Global sin Fronteras: COIL y ODS en la Educaci\u00f3n Superior.<\/span><\/p>\n        <p class=\"ponencia-description\">Frente a desaf\u00edos globales cada vez m\u00e1s complejos \u2014como el cambio clim\u00e1tico, la desigualdad social y la sostenibilidad\u2014 la educaci\u00f3n superior se ve interpelada a revisar sus enfoques pedag\u00f3gicos y sus modelos de internacionalizaci\u00f3n. Esta presentaci\u00f3n propone el Aprendizaje Colaborativo Internacional en L\u00ednea (COIL) como una estrategia pedag\u00f3gica clave para ampliar el impacto del aula universitaria, integrando de manera significativa los Objetivos de Desarrollo Sostenible (ODS) en el curr\u00edculo.<br>\nEn esta sesi\u00f3n de 30 minutos se analizar\u00e1 c\u00f3mo COIL permite trascender los l\u00edmites geogr\u00e1ficos y disciplinares mediante proyectos colaborativos en l\u00ednea, favoreciendo la co-creaci\u00f3n de conocimiento entre estudiantes y docentes de distintos contextos culturales e institucionales, sin necesidad de movilidad f\u00edsica. Asimismo, se abordar\u00e1 el rol de los ODS como un marco com\u00fan que facilita el di\u00e1logo interdisciplinar y orienta el aprendizaje hacia problem\u00e1ticas reales con relevancia social y global.<br>\nLa presentaci\u00f3n combinar\u00e1 un marco conceptual sint\u00e9tico con ejemplos concretos de experiencias COIL interdisciplinarias, poniendo especial \u00e9nfasis en el dise\u00f1o de tareas interdependientes, la colaboraci\u00f3n acad\u00e9mica y el desarrollo de competencias globales. A trav\u00e9s de una breve actividad guiada, se invitar\u00e1 a las personas participantes a reflexionar sobre el potencial de integrar COIL y ODS en sus propias pr\u00e1cticas docentes. El objetivo es ofrecer criterios claros y orientaciones pr\u00e1cticas que permitan transformar el aula local en un espacio de aprendizaje global, inclusivo y con sentido social.<\/p>\n    <\/div>\n\n    <div class=\"ponencia-speaker-area\">\n        \n        <div class=\"ponencia-speaker-id\">\n            <img decoding=\"async\" src=\"https:\/\/renacertech.net\/creativia24h\/wp-content\/uploads\/2026\/03\/Marina2.png\" alt=\"Marina Falasca\" class=\"ponencia-speaker-img\">\n            \n            <p class=\"ponente-name\">Marina Falasca<\/p>\n            <p class=\"ponente-country\">Buenos Aires, Argentina<\/p>\n<p class=\"ponente-email\">Marina.falasca@bue.edu.ar<\/p>\n\n        <\/div>\n        \n        <div class=\"ponencia-speaker-bio\">\n            <p class=\"ponente-label-bio\">Bio:<\/p>\n            <p class=\"ponente-text-bio\">Mag\u00edster en Educaci\u00f3n y Estudios de \u00c1rea, Doctoranda en Educaci\u00f3n Internacional, docente, investigadora y consultora especializada en tecnolog\u00eda educativa e inteligencia artificial en educaci\u00f3n. Se desempe\u00f1a como profesora en instituciones de formaci\u00f3n docente de Buenos Aires, donde dicta varias c\u00e1tedras, incluyendo Metodolog\u00eda y Multimedios Aplicados a la Ense\u00f1anza del Ingl\u00e9s.<br>\nEs Directora de STAR Argentina, Coordinadora de programas de intercambio virtual (COIL) en GlobalEd y miembro de la coalici\u00f3n RhetAI, dedicada al uso \u00e9tico, cr\u00edtico y humanoc\u00e9ntrico de la IA en contextos educativos. Su trabajo se centra en la alfabetizaci\u00f3n en IA, la pedagog\u00eda digital, el aprendizaje colaborativo internacional en l\u00ednea, y la formaci\u00f3n docente para el desarrollo de competencias cr\u00edticas frente a la tecnolog\u00eda.<br>\nHa recibido reconocimientos internacionales por su labor en innovaci\u00f3n educativa y ha publicado y presentado ampliamente sobre inteligencia artificial, aprendizaje en l\u00ednea y transformaci\u00f3n digital en Argentina y el exterior. Su misi\u00f3n es impulsar entornos de aprendizaje inclusivos, responsables y preparados para el futuro.<br>\n            <\/p>\n        <\/div>\n    <\/div>\n\n    <div class=\"ponencia-social-area\">\n        <span class=\"ponencia-label\">Redes Sociales:<\/span>\n        <a href=\"https:\/\/www.linkedin.com\/in\/marina-falasca-m-ed\/\" target=\"_blank\" class=\"ponencia-social-icon\" title=\"Linkedin\">Ln<\/a>\n<a href=\"https:\/\/www.facebook.com\/mfalasca2\" target=\"_blank\" class=\"ponencia-social-icon\" title=\"Facebook\">Fb<\/a>\n<a href=\"https:\/\/www.instagram.com\/marfal23?igsh=MTJxbWtrM2g5djhkcw%3D%3D\" target=\"_blank\" class=\"ponencia-social-icon\" title=\"Instagram\">Ins<\/a>    <\/div>\n<div class=\"ponencia-social-area\">\n        <span class=\"ponencia-label\">PONENCIA EN VIVO:<\/span>\n        <a href=\"https:\/\/www.youtube.com\/watch?v=0_H7Y-2_5Z8\" target=\"_blank\" class=\"ponencia-social-icon\" title=\"YouTube\">YT<\/a>\n\n<\/div>\n\n<\/div>\n<div class=\"creativia-ponencia-card\">\n\n    <div class=\"ponencia-info-top\">\n        <p><span class=\"ponencia-label\">Horario:<\/span> <span class=\"ponencia-value\">6 PM (M\u00e9x.) &#8211; 9 PM (Arg.) &#8211; 2 AM (Espa\u00f1a)<\/span><\/p>\n        <p><span class=\"ponencia-label\">T\u00edtulo:<\/span> <span class=\"ponencia-value-titulo\">Puentes digitales que unen culturas. Educaci\u00f3n e interculturalidad en la construcci\u00f3n de comunidades de aprendizaje global.<\/span><\/p>\n        <p class=\"ponencia-description\">&#8220;La interculturalidad en educaci\u00f3n no se limita \u00fanicamente al reconocimiento de la diversidad cultural dentro del aula. Implica establecer relaciones de di\u00e1logo, respeto y aprendizaje mutuo entre culturas.\nLas tecnolog\u00edas digitales ofrecen una oportunidad extraordinaria para este prop\u00f3sito. Hoy un estudiante puede dialogar con otro que vive a miles de kil\u00f3metros de distancia y descubrir que, aunque las lenguas y las tradiciones sean diferentes, las preocupaciones, los sue\u00f1os y los valores humanos son profundamente compartidos.\nSin embargo, la tecnolog\u00eda por s\u00ed sola no genera interculturalidad. Lo verdaderamente transformador es la intenci\u00f3n pedag\u00f3gica con la que se utilizan estos recursos.\nCuando los proyectos educativos est\u00e1n dise\u00f1ados para fomentar la colaboraci\u00f3n, la escucha y el respeto por las culturas, la tecnolog\u00eda se convierte en un puente que conecta experiencias humanas.<\/p>\n    <\/div>\n\n    <div class=\"ponencia-speaker-area\">\n        \n        <div class=\"ponencia-speaker-id\">\n            <img decoding=\"async\" src=\"https:\/\/renacertech.net\/creativia24h\/wp-content\/uploads\/2026\/03\/rosa2.png\" alt=\"Rosa Herlinda de la Cruz Barr\u00f3n\" class=\"ponencia-speaker-img\">\n            \n            <p class=\"ponente-name\">Rosa Herlinda de la Cruz Barr\u00f3n<\/p>\n            <p class=\"ponente-country\">M\u00e9xico<\/p>\n<p class=\"ponente-email\">rosyensech71@gmail.com<\/p>\n\n        <\/div>\n        \n        <div class=\"ponencia-speaker-bio\">\n            <p class=\"ponente-label-bio\"><\/p>\n            <p class=\"ponente-text-bio\">&#8230;<br>\n            <\/p>\n        <\/div>\n    <\/div>\n\n    <div class=\"ponencia-social-area\">\n        <span class=\"ponencia-label\">Redes Sociales:<\/span>\n        <a href=\"#\" target=\"_blank\" class=\"ponencia-social-icon\" title=\"Linkedin\">Ln<\/a>\n<a href=\"#\" target=\"_blank\" class=\"ponencia-social-icon\" title=\"Facebook\">Fb<\/a>\n<a href=\"#\" target=\"_blank\" class=\"ponencia-social-icon\" title=\"Instagram\">Ins<\/a>    <\/div>\n<div class=\"ponencia-social-area\">\n        <span class=\"ponencia-label\">PONENCIA EN VIVO:<\/span>\n        <a href=\"https:\/\/www.youtube.com\/watch?v=5KrX7Hgsa7w\" target=\"_blank\" class=\"ponencia-social-icon\" title=\"YouTube\">YT<\/a>\n\n<\/div>\n\n<\/div>\n\n\n\n\n\n\n\n\n\n\n\n\n\n\n\n\n\n\n\n\n\n\n<p>\u00a0 \u00a0\u00a0<\/p>\n\n\n\n\n\n<p>Lorem Ipsum has been the industry&#8217;s standard dummy text ever since the 1500s.<\/p>\n\n\n\n<p><strong style=\"font-size: x-large;\"><a href=\"https:\/\/renacertech.net\/creativia24h\/#pilares\">REGRESAR<\/a><\/strong><\/p>\n\n\n\n\n\n\n\n","protected":false},"excerpt":{"rendered":"","protected":false},"author":1,"featured_media":0,"parent":0,"menu_order":0,"comment_status":"closed","ping_status":"closed","template":"","meta":{"pagelayer_contact_templates":[],"_pagelayer_content":"","footnotes":""},"class_list":["post-326","page","type-page","status-publish","hentry"],"_links":{"self":[{"href":"https:\/\/renacertech.net\/creativia24h\/wp-json\/wp\/v2\/pages\/326","targetHints":{"allow":["GET"]}}],"collection":[{"href":"https:\/\/renacertech.net\/creativia24h\/wp-json\/wp\/v2\/pages"}],"about":[{"href":"https:\/\/renacertech.net\/creativia24h\/wp-json\/wp\/v2\/types\/page"}],"author":[{"embeddable":true,"href":"https:\/\/renacertech.net\/creativia24h\/wp-json\/wp\/v2\/users\/1"}],"replies":[{"embeddable":true,"href":"https:\/\/renacertech.net\/creativia24h\/wp-json\/wp\/v2\/comments?post=326"}],"version-history":[{"count":36,"href":"https:\/\/renacertech.net\/creativia24h\/wp-json\/wp\/v2\/pages\/326\/revisions"}],"predecessor-version":[{"id":682,"href":"https:\/\/renacertech.net\/creativia24h\/wp-json\/wp\/v2\/pages\/326\/revisions\/682"}],"wp:attachment":[{"href":"https:\/\/renacertech.net\/creativia24h\/wp-json\/wp\/v2\/media?parent=326"}],"curies":[{"name":"wp","href":"https:\/\/api.w.org\/{rel}","templated":true}]}}